{"id":114,"date":"2024-10-18T09:29:14","date_gmt":"2024-10-18T07:29:14","guid":{"rendered":"https:\/\/thecuc.carnet.hr\/2024\/?page_id=114"},"modified":"2025-09-19T14:02:18","modified_gmt":"2025-09-19T12:02:18","slug":"naslovna","status":"publish","type":"page","link":"https:\/\/thecuc.carnet.hr\/2024\/","title":{"rendered":"Naslovna"},"content":{"rendered":"\n<div class=\"wp-block-group alignfull has-base-background-color has-background has-global-padding is-layout-constrained wp-container-core-group-is-layout-72190d31 wp-block-group-is-layout-constrained\" style=\"margin-top:0;margin-bottom:0;padding-top:0;padding-right:0;padding-bottom:0;padding-left:0\">\n<div class=\"wp-block-columns alignwide is-layout-flex wp-container-core-columns-is-layout-549b0c86 wp-block-columns-is-layout-flex\">\n<div class=\"wp-block-column is-layout-flow wp-container-core-column-is-layout-b108c007 wp-block-column-is-layout-flow\" style=\"padding-right:0;padding-left:0\"><\/div>\n\n\n\n<div class=\"wp-block-column is-layout-flow wp-block-column-is-layout-flow\">\n<figure class=\"wp-block-image aligncenter size-full\"><img loading=\"lazy\" decoding=\"async\" width=\"1024\" height=\"640\" src=\"https:\/\/thecuc.carnet.hr\/2024\/wp-content\/uploads\/2024\/10\/THECUC2024_header.png\" alt=\"\" class=\"wp-image-111\" style=\"object-fit:cover\" srcset=\"https:\/\/thecuc.carnet.hr\/2024\/wp-content\/uploads\/2024\/10\/THECUC2024_header.png 1024w, https:\/\/thecuc.carnet.hr\/2024\/wp-content\/uploads\/2024\/10\/THECUC2024_header-300x188.png 300w, https:\/\/thecuc.carnet.hr\/2024\/wp-content\/uploads\/2024\/10\/THECUC2024_header-768x480.png 768w\" sizes=\"auto, (max-width: 1024px) 100vw, 1024px\" \/><\/figure>\n<\/div>\n\n\n\n<div class=\"wp-block-column is-layout-flow wp-block-column-is-layout-flow\"><\/div>\n<\/div>\n<\/div>\n\n\n\n<div class=\"wp-block-group alignfull has-base-background-color has-background has-global-padding is-layout-constrained wp-container-core-group-is-layout-d89aad35 wp-block-group-is-layout-constrained\" style=\"margin-top:0;margin-bottom:0;padding-top:var(--wp--preset--spacing--50);padding-right:var(--wp--preset--spacing--50);padding-bottom:var(--wp--preset--spacing--50);padding-left:var(--wp--preset--spacing--50)\">\n<div class=\"wp-block-columns alignwide is-layout-flex wp-container-core-columns-is-layout-549b0c86 wp-block-columns-is-layout-flex\">\n<div class=\"wp-block-column is-vertically-aligned-center has-global-padding is-content-justification-center is-layout-constrained wp-container-core-column-is-layout-42d62dd4 wp-block-column-is-layout-constrained\" style=\"flex-basis:40%\">\n<figure class=\"wp-block-image size-full is-style-rounded is-style-rounded--1\"><img loading=\"lazy\" decoding=\"async\" width=\"500\" height=\"500\" src=\"https:\/\/thecuc.carnet.hr\/2024\/wp-content\/uploads\/2024\/07\/OC_marijana-2.png\" alt=\"\" class=\"wp-image-20\" style=\"aspect-ratio:3\/4;object-fit:cover\" srcset=\"https:\/\/thecuc.carnet.hr\/2024\/wp-content\/uploads\/2024\/07\/OC_marijana-2.png 500w, https:\/\/thecuc.carnet.hr\/2024\/wp-content\/uploads\/2024\/07\/OC_marijana-2-300x300.png 300w, https:\/\/thecuc.carnet.hr\/2024\/wp-content\/uploads\/2024\/07\/OC_marijana-2-150x150.png 150w\" sizes=\"auto, (max-width: 500px) 100vw, 500px\" \/><figcaption class=\"wp-element-caption\"><strong>Marijana Pezelj<br><\/strong>Predsjednica Programskog odbora, THECUC 2024<\/figcaption><\/figure>\n<\/div>\n\n\n\n<div class=\"wp-block-column is-layout-flow wp-container-core-column-is-layout-119bc444 wp-block-column-is-layout-flow\" style=\"flex-basis:60%\">\n<p class=\"has-heading-font-family has-x-large-font-size\" style=\"line-height:1.2\">Poka\u017eimo kako unaprijediti sveu\u010dili\u0161ta na novu, digitalnu razinu i u\u010diniti ih sveu\u010dili\u0161tima za nove generacije.<\/p>\n\n\n\n<div class=\"wp-block-columns is-layout-flex wp-container-core-columns-is-layout-87beb0d0 wp-block-columns-is-layout-flex\">\n<div class=\"wp-block-column is-layout-flow wp-block-column-is-layout-flow\">\n<p class=\"wp-container-content-9cfa9a5a\">THECUC2024 \u2013 \u201cSveu\u010dili\u0161ta nove generacije\u201d organizira Hrvatska akademska i istra\u017eiva\u010dka mre\u017ea \u2013 CARNET u sklopu projekta e-Sveu\u010dili\u0161ta, \u010diji je cilj transformacija visokog obrazovanja u Hrvatskoj kroz implementaciju i razvoj digitalne nastavne infrastrukture, digitalnih alata i kompetencija. <\/p>\n\n\n\n<p class=\"wp-container-content-9cfa9a5a\">Konferencija \u0107e naglasiti kako digitalizacija mo\u017ee omogu\u0107iti lak\u0161e, zanimljivije i inovativnije studiranje te fleksibilnija predavanja. <\/p>\n<\/div>\n\n\n\n<div class=\"wp-block-column is-layout-flow wp-block-column-is-layout-flow\">\n<p>CARNET i projektni partneri \u0107e na radionicama, panel raspravama i predavanjima predstaviti sve aktivnosti koje se provode na sveu\u010dili\u0161tima u sklopu projekta s naglaskom na obrazovanje, podr\u0161ku, infrastrukturu i upravljanje. <\/p>\n\n\n\n<p>Pozivamo sve koji mogu doprinijeti svojim primjerima, znanjem i iskustvom iz projekta da prijave rad, radionicu ili predlo\u017ee teme za BoF koje bi \u017eeljeli obraditi.<\/p>\n<\/div>\n<\/div>\n<\/div>\n<\/div>\n<\/div>\n\n\n\n<div class=\"wp-block-group alignfull has-accent-background-color has-background has-global-padding is-layout-constrained wp-container-core-group-is-layout-d89aad35 wp-block-group-is-layout-constrained\" style=\"margin-top:0;margin-bottom:0;padding-top:var(--wp--preset--spacing--50);padding-right:var(--wp--preset--spacing--50);padding-bottom:var(--wp--preset--spacing--50);padding-left:var(--wp--preset--spacing--50)\">\n<div class=\"wp-block-columns alignwide is-layout-flex wp-container-core-columns-is-layout-1da03c2a wp-block-columns-is-layout-flex\">\n<div class=\"wp-block-column is-vertically-aligned-center is-layout-flow wp-block-column-is-layout-flow\" style=\"flex-basis:60%\">\n<figure class=\"wp-block-image size-full is-style-rounded wp-duotone-unset-3 is-style-rounded--2\"><img loading=\"lazy\" decoding=\"async\" width=\"1920\" height=\"1080\" src=\"https:\/\/thecuc.carnet.hr\/2024\/wp-content\/uploads\/2024\/10\/1712649813Park-Plaza-Histria_01.jpg\" alt=\"\" class=\"wp-image-72\" style=\"aspect-ratio:4\/3;object-fit:cover\" srcset=\"https:\/\/thecuc.carnet.hr\/2024\/wp-content\/uploads\/2024\/10\/1712649813Park-Plaza-Histria_01.jpg 1920w, https:\/\/thecuc.carnet.hr\/2024\/wp-content\/uploads\/2024\/10\/1712649813Park-Plaza-Histria_01-300x169.jpg 300w, https:\/\/thecuc.carnet.hr\/2024\/wp-content\/uploads\/2024\/10\/1712649813Park-Plaza-Histria_01-1024x576.jpg 1024w, https:\/\/thecuc.carnet.hr\/2024\/wp-content\/uploads\/2024\/10\/1712649813Park-Plaza-Histria_01-768x432.jpg 768w, https:\/\/thecuc.carnet.hr\/2024\/wp-content\/uploads\/2024\/10\/1712649813Park-Plaza-Histria_01-1536x864.jpg 1536w\" sizes=\"auto, (max-width: 1920px) 100vw, 1920px\" \/><\/figure>\n<\/div>\n\n\n\n<div class=\"wp-block-column is-layout-flow wp-block-column-is-layout-flow\" style=\"flex-basis:40%\">\n<h2 class=\"wp-block-heading has-base-2-color has-text-color has-link-color wp-elements-cfe2b1a733676582b3633312853a0f05\">Prijavi se i sudjeluj<\/h2>\n\n\n\n<p class=\"has-base-2-color has-text-color has-link-color wp-elements-31b733db3bfe900c1fae64756b8d289e\">Pridru\u017eite nam se u Puli od 6. do 8. 11. 2024. godine. \u0160to vas o\u010dekuje? Inovativne radionice, paneli i predavanja koji pokazuju kako digitalne platforme i alati olak\u0161avaju i oboga\u0107uju studiranje. Razmjena iskustava o najnovijim aktivnostima unutar projekta e-Sveu\u010dili\u0161ta, s naglaskom na obrazovanje, infrastrukturu i upravljanje.<\/p>\n\n\n\n<div class=\"wp-block-buttons is-layout-flex wp-block-buttons-is-layout-flex\">\n<div class=\"wp-block-button\"><a class=\"wp-block-button__link wp-element-button\" href=\"https:\/\/prijave-cuc.carnet.hr\/prijavnica\">Prijavi se na THECUC 2024<\/a><\/div>\n<\/div>\n<\/div>\n<\/div>\n<\/div>\n\n\n\n<p><\/p>\n\n\n\n<h2 class=\"wp-block-heading has-text-align-center has-xx-large-font-size\">Novosti<\/h2>\n\n\n\n<div class=\"wp-block-group alignfull has-global-padding is-layout-constrained wp-container-core-group-is-layout-1131737d wp-block-group-is-layout-constrained\" style=\"margin-top:0;margin-bottom:0;padding-top:var(--wp--preset--spacing--20);padding-right:var(--wp--preset--spacing--20);padding-bottom:var(--wp--preset--spacing--20);padding-left:var(--wp--preset--spacing--20)\"><ul class=\"wp-block-latest-posts__list is-grid columns-2 has-dates wp-block-latest-posts\"><li><div class=\"wp-block-latest-posts__featured-image aligncenter\"><img loading=\"lazy\" decoding=\"async\" width=\"300\" height=\"200\" src=\"https:\/\/thecuc.carnet.hr\/2024\/wp-content\/uploads\/2024\/11\/PRW_1778_optim-300x200.jpeg\" class=\"attachment-medium size-medium wp-post-image\" alt=\"\" style=\"max-height:300px;\" srcset=\"https:\/\/thecuc.carnet.hr\/2024\/wp-content\/uploads\/2024\/11\/PRW_1778_optim-300x200.jpeg 300w, https:\/\/thecuc.carnet.hr\/2024\/wp-content\/uploads\/2024\/11\/PRW_1778_optim-1024x683.jpeg 1024w, https:\/\/thecuc.carnet.hr\/2024\/wp-content\/uploads\/2024\/11\/PRW_1778_optim-768x512.jpeg 768w, https:\/\/thecuc.carnet.hr\/2024\/wp-content\/uploads\/2024\/11\/PRW_1778_optim-1536x1024.jpeg 1536w, https:\/\/thecuc.carnet.hr\/2024\/wp-content\/uploads\/2024\/11\/PRW_1778_optim-2048x1365.jpeg 2048w, https:\/\/thecuc.carnet.hr\/2024\/wp-content\/uploads\/2024\/11\/PRW_1778_optim-scaled-e1731063324306.jpeg 1600w\" sizes=\"auto, (max-width: 300px) 100vw, 300px\" \/><\/div><a class=\"wp-block-latest-posts__post-title\" href=\"https:\/\/thecuc.carnet.hr\/2024\/sveucilista-nove-generacije-thecuc-2024-konferencija-u-puli-okupila-vrhunske-svjetske-strucnjake-i-predstavila-inovacije-u-visokom-obrazovanju\/\">Sveu\u010dili\u0161ta nove generacije: THECUC 2024 konferencija u Puli okupila vrhunske svjetske stru\u010dnjake i predstavila inovacije u visokom obrazovanju<\/a><time datetime=\"2024-11-08T11:55:40+01:00\" class=\"wp-block-latest-posts__post-date\">8. studenoga 2024.<\/time><\/li>\n<li><div class=\"wp-block-latest-posts__featured-image aligncenter\"><img loading=\"lazy\" decoding=\"async\" width=\"300\" height=\"185\" src=\"https:\/\/thecuc.carnet.hr\/2024\/wp-content\/uploads\/2024\/11\/waldemar-3zml4wkcZis-unsplash-scaled-e1682243958834-768x474-1-300x185.jpg\" class=\"attachment-medium size-medium wp-post-image\" alt=\"\" style=\"max-height:300px;\" srcset=\"https:\/\/thecuc.carnet.hr\/2024\/wp-content\/uploads\/2024\/11\/waldemar-3zml4wkcZis-unsplash-scaled-e1682243958834-768x474-1-300x185.jpg 300w, https:\/\/thecuc.carnet.hr\/2024\/wp-content\/uploads\/2024\/11\/waldemar-3zml4wkcZis-unsplash-scaled-e1682243958834-768x474-1.jpg 768w\" sizes=\"auto, (max-width: 300px) 100vw, 300px\" \/><\/div><a class=\"wp-block-latest-posts__post-title\" href=\"https:\/\/thecuc.carnet.hr\/2024\/otkazana-radionica\/\">Otkazana radionica<\/a><time datetime=\"2024-11-07T09:50:00+01:00\" class=\"wp-block-latest-posts__post-date\">7. studenoga 2024.<\/time><\/li>\n<li><div class=\"wp-block-latest-posts__featured-image aligncenter\"><img loading=\"lazy\" decoding=\"async\" width=\"300\" height=\"201\" src=\"https:\/\/thecuc.carnet.hr\/2024\/wp-content\/uploads\/2024\/11\/info-300x201.jpg\" class=\"attachment-medium size-medium wp-post-image\" alt=\"\" style=\"max-height:300px;\" srcset=\"https:\/\/thecuc.carnet.hr\/2024\/wp-content\/uploads\/2024\/11\/info-300x201.jpg 300w, https:\/\/thecuc.carnet.hr\/2024\/wp-content\/uploads\/2024\/11\/info-1024x685.jpg 1024w, https:\/\/thecuc.carnet.hr\/2024\/wp-content\/uploads\/2024\/11\/info-768x514.jpg 768w, https:\/\/thecuc.carnet.hr\/2024\/wp-content\/uploads\/2024\/11\/info-1536x1028.jpg 1536w, https:\/\/thecuc.carnet.hr\/2024\/wp-content\/uploads\/2024\/11\/info-2048x1371.jpg 2048w, https:\/\/thecuc.carnet.hr\/2024\/wp-content\/uploads\/2024\/11\/info-scaled-e1730896290760.jpg 1200w\" sizes=\"auto, (max-width: 300px) 100vw, 300px\" \/><\/div><a class=\"wp-block-latest-posts__post-title\" href=\"https:\/\/thecuc.carnet.hr\/2024\/svratite-u-cn-multilab-u-taverni\/\">Svratite u CN Multilab u Taverni<\/a><time datetime=\"2024-11-06T13:31:34+01:00\" class=\"wp-block-latest-posts__post-date\">6. studenoga 2024.<\/time><\/li>\n<li><div class=\"wp-block-latest-posts__featured-image aligncenter\"><img loading=\"lazy\" decoding=\"async\" width=\"300\" height=\"200\" src=\"https:\/\/thecuc.carnet.hr\/2024\/wp-content\/uploads\/2024\/11\/pub-kviz-768x511-1-300x200.jpg\" class=\"attachment-medium size-medium wp-post-image\" alt=\"\" style=\"max-height:300px;\" srcset=\"https:\/\/thecuc.carnet.hr\/2024\/wp-content\/uploads\/2024\/11\/pub-kviz-768x511-1-300x200.jpg 300w, https:\/\/thecuc.carnet.hr\/2024\/wp-content\/uploads\/2024\/11\/pub-kviz-768x511-1.jpg 768w\" sizes=\"auto, (max-width: 300px) 100vw, 300px\" \/><\/div><a class=\"wp-block-latest-posts__post-title\" href=\"https:\/\/thecuc.carnet.hr\/2024\/prijavite-se-na-kviz-s-moranom-zibar\/\">Prijavite se na kviz s Moranom Zibar<\/a><time datetime=\"2024-11-06T09:52:29+01:00\" class=\"wp-block-latest-posts__post-date\">6. studenoga 2024.<\/time><\/li>\n<li><div class=\"wp-block-latest-posts__featured-image aligncenter\"><img loading=\"lazy\" decoding=\"async\" width=\"300\" height=\"200\" src=\"https:\/\/thecuc.carnet.hr\/2024\/wp-content\/uploads\/2024\/11\/kane-reinholdtsen-LETdkk7wHQk-unsplash-300x200.jpg\" class=\"attachment-medium size-medium wp-post-image\" alt=\"\" style=\"max-height:300px;\" srcset=\"https:\/\/thecuc.carnet.hr\/2024\/wp-content\/uploads\/2024\/11\/kane-reinholdtsen-LETdkk7wHQk-unsplash-300x200.jpg 300w, https:\/\/thecuc.carnet.hr\/2024\/wp-content\/uploads\/2024\/11\/kane-reinholdtsen-LETdkk7wHQk-unsplash-1024x683.jpg 1024w, https:\/\/thecuc.carnet.hr\/2024\/wp-content\/uploads\/2024\/11\/kane-reinholdtsen-LETdkk7wHQk-unsplash-768x512.jpg 768w, https:\/\/thecuc.carnet.hr\/2024\/wp-content\/uploads\/2024\/11\/kane-reinholdtsen-LETdkk7wHQk-unsplash-1536x1024.jpg 1536w, https:\/\/thecuc.carnet.hr\/2024\/wp-content\/uploads\/2024\/11\/kane-reinholdtsen-LETdkk7wHQk-unsplash-2048x1365.jpg 2048w, https:\/\/thecuc.carnet.hr\/2024\/wp-content\/uploads\/2024\/11\/kane-reinholdtsen-LETdkk7wHQk-unsplash-scaled-e1730819514421.jpg 1200w\" sizes=\"auto, (max-width: 300px) 100vw, 300px\" \/><\/div><a class=\"wp-block-latest-posts__post-title\" href=\"https:\/\/thecuc.carnet.hr\/2024\/274-2\/\">Panel: Multimedija: \u010darolija koja nadilazi granice obrazovanja<\/a><time datetime=\"2024-11-05T16:12:01+01:00\" class=\"wp-block-latest-posts__post-date\">5. studenoga 2024.<\/time><\/li>\n<li><div class=\"wp-block-latest-posts__featured-image aligncenter\"><img loading=\"lazy\" decoding=\"async\" width=\"300\" height=\"185\" src=\"https:\/\/thecuc.carnet.hr\/2024\/wp-content\/uploads\/2024\/11\/waldemar-3zml4wkcZis-unsplash-scaled-e1682243958834-768x474-1-300x185.jpg\" class=\"attachment-medium size-medium wp-post-image\" alt=\"\" style=\"max-height:300px;\" srcset=\"https:\/\/thecuc.carnet.hr\/2024\/wp-content\/uploads\/2024\/11\/waldemar-3zml4wkcZis-unsplash-scaled-e1682243958834-768x474-1-300x185.jpg 300w, https:\/\/thecuc.carnet.hr\/2024\/wp-content\/uploads\/2024\/11\/waldemar-3zml4wkcZis-unsplash-scaled-e1682243958834-768x474-1.jpg 768w\" sizes=\"auto, (max-width: 300px) 100vw, 300px\" \/><\/div><a class=\"wp-block-latest-posts__post-title\" href=\"https:\/\/thecuc.carnet.hr\/2024\/slobodna-mjesta-na-radionicama-prijavite-se\/\">Slobodna mjesta na radionicama \u2013 prijavite se!<\/a><time datetime=\"2024-11-05T14:29:23+01:00\" class=\"wp-block-latest-posts__post-date\">5. studenoga 2024.<\/time><\/li>\n<li><div class=\"wp-block-latest-posts__featured-image aligncenter\"><img loading=\"lazy\" decoding=\"async\" width=\"300\" height=\"200\" src=\"https:\/\/thecuc.carnet.hr\/2024\/wp-content\/uploads\/2024\/11\/radionice-300x200.jpg\" class=\"attachment-medium size-medium wp-post-image\" alt=\"\" style=\"max-height:300px;\" srcset=\"https:\/\/thecuc.carnet.hr\/2024\/wp-content\/uploads\/2024\/11\/radionice-300x200.jpg 300w, https:\/\/thecuc.carnet.hr\/2024\/wp-content\/uploads\/2024\/11\/radionice-1024x683.jpg 1024w, https:\/\/thecuc.carnet.hr\/2024\/wp-content\/uploads\/2024\/11\/radionice-768x512.jpg 768w, https:\/\/thecuc.carnet.hr\/2024\/wp-content\/uploads\/2024\/11\/radionice-1536x1024.jpg 1536w, https:\/\/thecuc.carnet.hr\/2024\/wp-content\/uploads\/2024\/11\/radionice-2048x1365.jpg 2048w, https:\/\/thecuc.carnet.hr\/2024\/wp-content\/uploads\/2024\/11\/radionice-scaled-e1730715678342.jpg 1600w\" sizes=\"auto, (max-width: 300px) 100vw, 300px\" \/><\/div><a class=\"wp-block-latest-posts__post-title\" href=\"https:\/\/thecuc.carnet.hr\/2024\/otvorene-prijave-na-radionice\/\">Otvorene prijave na radionice<\/a><time datetime=\"2024-11-04T12:00:00+01:00\" class=\"wp-block-latest-posts__post-date\">4. studenoga 2024.<\/time><\/li>\n<li><div class=\"wp-block-latest-posts__featured-image aligncenter\"><img loading=\"lazy\" decoding=\"async\" width=\"300\" height=\"200\" src=\"https:\/\/thecuc.carnet.hr\/2024\/wp-content\/uploads\/2024\/11\/mobile-app-768x512-1-300x200.jpg\" class=\"attachment-medium size-medium wp-post-image\" alt=\"\" style=\"max-height:300px;\" srcset=\"https:\/\/thecuc.carnet.hr\/2024\/wp-content\/uploads\/2024\/11\/mobile-app-768x512-1-300x200.jpg 300w, https:\/\/thecuc.carnet.hr\/2024\/wp-content\/uploads\/2024\/11\/mobile-app-768x512-1.jpg 768w\" sizes=\"auto, (max-width: 300px) 100vw, 300px\" \/><\/div><a class=\"wp-block-latest-posts__post-title\" href=\"https:\/\/thecuc.carnet.hr\/2024\/preuzmite-thecuc-mobilnu-aplikaciju\/\">Preuzmite THECUC mobilnu aplikaciju<\/a><time datetime=\"2024-11-04T08:15:38+01:00\" class=\"wp-block-latest-posts__post-date\">4. studenoga 2024.<\/time><\/li>\n<li><div class=\"wp-block-latest-posts__featured-image aligncenter\"><img loading=\"lazy\" decoding=\"async\" width=\"300\" height=\"200\" src=\"https:\/\/thecuc.carnet.hr\/2024\/wp-content\/uploads\/2024\/10\/program--300x200.jpg\" class=\"attachment-medium size-medium wp-post-image\" alt=\"\" style=\"max-height:300px;\" srcset=\"https:\/\/thecuc.carnet.hr\/2024\/wp-content\/uploads\/2024\/10\/program--300x200.jpg 300w, https:\/\/thecuc.carnet.hr\/2024\/wp-content\/uploads\/2024\/10\/program-.jpg 768w\" sizes=\"auto, (max-width: 300px) 100vw, 300px\" \/><\/div><a class=\"wp-block-latest-posts__post-title\" href=\"https:\/\/thecuc.carnet.hr\/2024\/pogledajte-program-konferencije\/\">Pogledajte program konferencije<\/a><time datetime=\"2024-10-24T14:01:06+02:00\" class=\"wp-block-latest-posts__post-date\">24. listopada 2024.<\/time><\/li>\n<\/ul><\/div>\n","protected":false},"excerpt":{"rendered":"<p>Poka\u017eimo kako unaprijediti sveu\u010dili\u0161ta na novu, digitalnu razinu i u\u010diniti ih sveu\u010dili\u0161tima za nove generacije. THECUC2024 \u2013 \u201cSveu\u010dili\u0161ta nove generacije\u201d organizira Hrvatska akademska i istra\u017eiva\u010dka mre\u017ea \u2013 CARNET u sklopu projekta e-Sveu\u010dili\u0161ta, \u010diji je cilj transformacija visokog obrazovanja u Hrvatskoj kroz implementaciju i razvoj digitalne nastavne infrastrukture, digitalnih alata i kompetencija. Konferencija \u0107e naglasiti kako [&hellip;]<\/p>\n","protected":false},"author":1,"featured_media":0,"parent":0,"menu_order":0,"comment_status":"closed","ping_status":"closed","template":"","meta":{"footnotes":""},"class_list":["post-114","page","type-page","status-publish","hentry"],"_links":{"self":[{"href":"https:\/\/thecuc.carnet.hr\/2024\/wp-json\/wp\/v2\/pages\/114","targetHints":{"allow":["GET"]}}],"collection":[{"href":"https:\/\/thecuc.carnet.hr\/2024\/wp-json\/wp\/v2\/pages"}],"about":[{"href":"https:\/\/thecuc.carnet.hr\/2024\/wp-json\/wp\/v2\/types\/page"}],"author":[{"embeddable":true,"href":"https:\/\/thecuc.carnet.hr\/2024\/wp-json\/wp\/v2\/users\/1"}],"replies":[{"embeddable":true,"href":"https:\/\/thecuc.carnet.hr\/2024\/wp-json\/wp\/v2\/comments?post=114"}],"version-history":[{"count":24,"href":"https:\/\/thecuc.carnet.hr\/2024\/wp-json\/wp\/v2\/pages\/114\/revisions"}],"predecessor-version":[{"id":301,"href":"https:\/\/thecuc.carnet.hr\/2024\/wp-json\/wp\/v2\/pages\/114\/revisions\/301"}],"wp:attachment":[{"href":"https:\/\/thecuc.carnet.hr\/2024\/wp-json\/wp\/v2\/media?parent=114"}],"curies":[{"name":"wp","href":"https:\/\/api.w.org\/{rel}","templated":true}]}}